{"id":502,"date":"2025-05-05T19:32:10","date_gmt":"2025-05-05T19:32:10","guid":{"rendered":"https:\/\/www.formacioncivica.mx\/?page_id=502"},"modified":"2025-07-18T19:48:57","modified_gmt":"2025-07-18T19:48:57","slug":"plataforma-abc-para-la-gestion-municipal","status":"publish","type":"page","link":"https:\/\/www.formacioncivica.mx\/index.php\/plataforma-abc-para-la-gestion-municipal\/","title":{"rendered":"Plataforma \u201cABC para la Gesti\u00f3n Municipal\u201d"},"content":{"rendered":"\t\t<div data-elementor-type=\"wp-page\" data-elementor-id=\"502\" class=\"elementor elementor-502\">\n\t\t\t\t\t\t<section class=\"elementor-section elementor-top-section elementor-element elementor-element-0c6b166 elementor-section-boxed elementor-section-height-default elementor-section-height-default\" data-id=\"0c6b166\" data-element_type=\"section\" data-e-type=\"section\">\n\t\t\t\t\t\t<div class=\"elementor-container elementor-column-gap-default\">\n\t\t\t\t\t<div class=\"aux-parallax-section elementor-column elementor-col-100 elementor-top-column elementor-element elementor-element-2ba33f5\" data-id=\"2ba33f5\" data-element_type=\"column\" data-e-type=\"column\">\n\t\t\t<div class=\"elementor-widget-wrap elementor-element-populated\">\n\t\t\t\t\t\t<div class=\"elementor-element elementor-element-d16c8f0 aux-appear-watch-animation aux-fade-in-up elementor-widget elementor-widget-aux_modern_heading\" data-id=\"d16c8f0\" data-element_type=\"widget\" data-e-type=\"widget\" data-widget_type=\"aux_modern_heading.default\">\n\t\t\t\t<div class=\"elementor-widget-container\">\n\t\t\t\t\t<section class=\"aux-widget-modern-heading\">\n            <div class=\"aux-widget-inner\"><h2 class=\"aux-modern-heading-primary\">\n<\/h2><h3 class=\"aux-modern-heading-secondary\"><span class=\"aux-head-before\">Plataforma \u201cABC para la Gesti\u00f3n Municipal\u201d<\/span><\/h3><div class=\"aux-modern-heading-divider\"><\/div><div class=\"aux-modern-heading-description\"><p><strong>Presentaci\u00f3n<\/strong><\/p><p>El Instituto de Formaci\u00f3n C\u00edvica de NOSOTRXS pone a disposici\u00f3n de todas las autoridades municipales electas del pa\u00eds una herramienta de asesor\u00eda y apoyo a la gesti\u00f3n municipal: <em>La Plataforma ABC para la Gesti\u00f3n Municipal<\/em>.<\/p><p><strong>Objetivo<\/strong><\/p><p>Capacitar virtualmente a las autoridades y servidores p\u00fablicos municipales mediante un repositorio de elementos de consulta de f\u00e1cil acceso y comprensi\u00f3n sobre los temas m\u00e1s importantes y coyunturales de toda gesti\u00f3n municipal. Es un curso dise\u00f1ado para funcionarios que se incorporen por primera vez a alg\u00fan municipio o que ya hayan tenido experiencia y quieran actualizarse.<\/p><p><strong>Herramientas<\/strong><\/p><p>\u2022 45 videos explicativos<br \/>\u2022 5 m\u00f3dulos din\u00e1micos<br \/>\u2022 45 horas de duraci\u00f3n<br \/>\u2022 5 conferencias magistrales<br \/>\u2022 Repositorio con lecturas de consulta<br \/>\u2022 Ejercicios de reflexi\u00f3n<br \/>\u2022 Foros vrtuales de discusi\u00f3n<br \/>\u2022 Autoevaluaci\u00f3n de comprensi\u00f3n<br \/>\u2022 Evaluaci\u00f3n Final<br \/>\u2022 Constancia con valor curricular<\/p><p><strong>Metodolog\u00eda<\/strong><\/p><p>El curso est\u00e1 dividido en cinco m\u00f3dulos din\u00e1micos que facilitan el aprendizaje de aquella informaci\u00f3n indispensable para gobernar un municipio. Iniciando con una secci\u00f3n denominada el ABC de la Gesti\u00f3n Municipal que ayudar\u00e1 al servidor a homologar su lenguaje con conceptos y herrramientas b\u00e1sicas de la gesti\u00f3n municipal. Cada m\u00f3dulo cuenta con una serie de videos explicativos, presentaciones, bibliograf\u00eda obligada y de consulta, as\u00ed como un foro de discusi\u00f3n para intercambio de ideas; al termino de cada tema, se hara una peque\u00f1a autoevaluaci\u00f3n de opci\u00f3n m\u00faltiple para que el funcionario verifique la comprensi\u00f3n del tema. La sexta secci\u00f3n es una capacitaci\u00f3n mediante una conferencia magistral en vivo con el ponente para aclarar dudas o profundizar en el tema. Al final se presentar\u00e1 una evaluaci\u00f3n de 25 reactivos la cual tendr\u00e1 que ser aprobatoria para poder obtener la constancia del curso.<\/p><p>El curso tiene una duraci\u00f3n de 45 horas efectivas.<\/p><p><strong>Organizaci\u00f3n y contenido<\/strong><\/p><p>La Plataforma ABC para la Gesti\u00f3n Municipal se organiza en seis secciones.<br \/>Cada una de ellas cuenta con un men\u00fa de subsecciones donde el usuario podr\u00e1 buscar los temas de inter\u00e9s y coyuntura, as\u00ed como conocer la oferta de capacitaci\u00f3n e inscribirse a alguno de nuestros cursos si as\u00ed lo desea.<\/p><p><img fetchpriority=\"high\" decoding=\"async\" class=\"alignnone size-medium wp-image-506\" src=\"https:\/\/www.formacioncivica.mx\/wp-content\/uploads\/2025\/05\/municipiomx01.png\" alt=\"\" width=\"355\" height=\"400\" srcset=\"https:\/\/www.formacioncivica.mx\/wp-content\/uploads\/2025\/05\/municipiomx01.png 998w, https:\/\/www.formacioncivica.mx\/wp-content\/uploads\/2025\/05\/municipiomx01-200x226.png 200w\" sizes=\"(max-width: 355px) 100vw, 355px\" \/><\/p><p><strong>\u00bfQu\u00e9 es \u201cABC para la Gesti\u00f3n Municipal\u201d?<\/strong><\/p><p>La Plataforma ABC para la Gesti\u00f3n Municipal ofrece el curso: \u201cEl Municipio para principiantes\u201d en modalidad virtual para autoridades y funcionarios de las nuevas administraciones municipales, en el que aprender\u00e1n los conceptos y las herramientas b\u00e1sicas en la gesti\u00f3n municipal, los cuales homologar\u00e1n el lenguaje del funcionario para facilitar su comprensi\u00f3n en el recorrido de los m\u00f3dulos.<\/p><p><strong>Secci\u00f3n I.<\/strong><br \/><strong>Marco jur\u00eddico y reglamentario del municipio<\/strong><\/p><p><img decoding=\"async\" class=\"alignnone size-medium wp-image-507\" src=\"https:\/\/www.formacioncivica.mx\/wp-content\/uploads\/2025\/05\/municipiomx02.png\" alt=\"\" width=\"383\" height=\"400\" \/><\/p><p><strong>La Secci\u00f3n I.<\/strong><br \/>Se integra por seis subsecciones que tienen como objetivo fundamental identificar las principales normas constitucionales y legales que integran el marco jur\u00eddico del municipio, conociendo desde su naturaleza jur\u00eddica, la jerarqu\u00eda de las normas que lo regulan, la legislaci\u00f3n federal y la legislaci\u00f3n estatal.<\/p><p>Contiene, adem\u00e1s, las competencias y capacidades institucionales de los ayuntamientos en su car\u00e1cter de gobiernos locales, tomando en cuenta su facultad reglamentaria, y los actos jur\u00eddicos y administrativos propios de esta figura.<\/p><p><strong>Secci\u00f3n II.<\/strong><br \/><strong>Facultades y responsabilidades<\/strong> <strong>hacendarias y fiscales<\/strong><\/p><p><img decoding=\"async\" class=\"alignnone size-medium wp-image-543\" src=\"https:\/\/www.formacioncivica.mx\/wp-content\/uploads\/2025\/07\/municipioMX07202501.png\" alt=\"\" width=\"388\" height=\"400\" \/><\/p><p><strong>Secci\u00f3n II <\/strong><br \/>El objetivo de la secci\u00f3n II es brindar las herramientas necesarias para administrar eficientemente la hacienda p\u00fablica municipal, considerando los ingresos, los egresos, el patrimonio y la deuda municipales, dentro del marco del Sistema Nacional de Coordinaci\u00f3n Fiscal (SNCF).<br \/>Al finalizar la Secci\u00f3n, el funcionario habr\u00e1 adquirido el conocimiento experto de las disposiciones legales de car\u00e1cter hacendario y fiscal que regulan al municipio.<\/p><p><strong>Secci\u00f3n III.<\/strong><br \/><strong>Rendici\u00f3n de cuentas y transparencia<\/strong><\/p><p><img loading=\"lazy\" decoding=\"async\" class=\"alignnone size-medium wp-image-544\" src=\"https:\/\/www.formacioncivica.mx\/wp-content\/uploads\/2025\/07\/municipioMX07202502.png\" alt=\"\" width=\"350\" height=\"400\" \/><\/p><p><strong>Secci\u00f3n III<\/strong><br \/>La secci\u00f3n desarrolla los conceptos fundamentales relacionados con rendici\u00f3n de cuentas, transparencia y acceso a la informaci\u00f3n, como bases de entornos administrativos en los que sea posible reducir los riesgos de malas pr\u00e1cticas y hechos de corrupci\u00f3n, considerando la posibilidad de generar corresponsabilidad con la sociedad y hacerse acompa\u00f1ar de \u00e9sta para enfrentar los retos del desarrollo y su gesti\u00f3n.<\/p><p><strong>Secci\u00f3n IV.<\/strong><br \/><strong>Innovaci\u00f3n y gobierno abierto<\/strong><\/p><p><img loading=\"lazy\" decoding=\"async\" class=\"alignnone size-medium wp-image-527\" src=\"https:\/\/www.formacioncivica.mx\/wp-content\/uploads\/2025\/05\/municipiomx05.png\" alt=\"\" width=\"289\" height=\"400\" \/><\/p><p>La Secci\u00f3n IV tiene como objetivo conocer los principios que llevan a una toma de decisiones basada en alternativas distintas a las convencionales, en la operaci\u00f3n de cualquier organizaci\u00f3n gubernamental.<br \/>Adem\u00e1s, se revisar\u00e1n las principales tendencias de la innovaci\u00f3n gubernamental en M\u00e9xico y en el mundo; y la estrecha relaci\u00f3n que existe entre liderazgo, innovaci\u00f3n y apertura gubernamental.<\/p><p><strong>Secci\u00f3n V.<\/strong><br \/><strong>Gesti\u00f3n y administraci\u00f3n p\u00fablica municipal<\/strong><\/p><p><img loading=\"lazy\" decoding=\"async\" class=\"alignnone size-medium wp-image-545\" src=\"https:\/\/www.formacioncivica.mx\/wp-content\/uploads\/2025\/07\/municipioMX07202503.png\" alt=\"\" width=\"293\" height=\"400\" \/><\/p><p>En la Secci\u00f3n V se revisar\u00e1n los fundamentos de la eficiencia organizacional y de la gobernanza, enfocados a resultados en la administraci\u00f3n de los recursos disponibles y sensibles a la participaci\u00f3n de la ciudadan\u00eda, de actores econ\u00f3micos y sociales, y la intergubernamentalidad en la gesti\u00f3n municipal.<\/p><p><strong>Secci\u00f3n VI.<\/strong><br \/><strong>Oferta de Capacitaci\u00f3n<\/strong><\/p><p><img loading=\"lazy\" decoding=\"async\" class=\"alignnone size-medium wp-image-533\" src=\"https:\/\/www.formacioncivica.mx\/wp-content\/uploads\/2025\/05\/municipiomx07.png\" alt=\"\" width=\"400\" height=\"391\" \/><\/p><p>La oferta de capacitaci\u00f3n de c\u00e1da m\u00f3dulo ofrecen una conferencia magistral manera virtual con el ponente para poder interactuar, aclarar dudas o profundizar en el tema.<br \/>Esta conferencia magistral tendr\u00e1 una duraci\u00f3n de 2 horas de manera virtual en vivo y ser\u00e1 agendada con previo aviso.<\/p><p><strong>Evaluaci\u00f3n<\/strong><br \/>La evaluaci\u00f3n del curso es gamificada. Es decir, cada m\u00f3dulo cuenta con una serie de reactivos para que el funcionario pueda autoevaluar el conocimiento adquirido de cada secci\u00f3n. Una vez acreditados los seis m\u00f3dulos, realizar\u00e1 una evaluaci\u00f3n final de 25 reactivos la cual deber\u00e1 ser aprobatoria para poder obtener la constancia que otorga La Plataforma ABC para la Gesti\u00f3n Municipal.<\/p><\/div><\/div>\n        <\/section>\t\t\t\t<\/div>\n\t\t\t\t<\/div>\n\t\t\t\t\t<\/div>\n\t\t<\/div>\n\t\t\t\t\t<\/div>\n\t\t<\/section>\n\t\t\t\t<section class=\"elementor-section elementor-top-section elementor-element elementor-element-5da7950 elementor-section-boxed elementor-section-height-default elementor-section-height-default\" data-id=\"5da7950\" data-element_type=\"section\" data-e-type=\"section\">\n\t\t\t\t\t\t<div class=\"elementor-container elementor-column-gap-default\">\n\t\t\t\t\t<div class=\"aux-parallax-section elementor-column elementor-col-100 elementor-top-column elementor-element elementor-element-062be2e\" data-id=\"062be2e\" data-element_type=\"column\" data-e-type=\"column\">\n\t\t\t<div class=\"elementor-widget-wrap elementor-element-populated\">\n\t\t\t\t\t\t<div class=\"elementor-element elementor-element-55a9cb3 aux-appear-watch-animation aux-fade-in elementor-widget elementor-widget-aux_modern_heading\" data-id=\"55a9cb3\" data-element_type=\"widget\" data-e-type=\"widget\" data-widget_type=\"aux_modern_heading.default\">\n\t\t\t\t<div class=\"elementor-widget-container\">\n\t\t\t\t\t<section class=\"aux-widget-modern-heading\">\n            <div class=\"aux-widget-inner\"><h2 class=\"aux-modern-heading-primary\"><\/h2><h3 class=\"aux-modern-heading-secondary\"><span class=\"aux-head-before\">Misi\u00f3n<\/span><\/h3><div class=\"aux-modern-heading-divider\"><\/div><div class=\"aux-modern-heading-description\"><p>Nuestra misi\u00f3n es contribuir a consolidar la convivencia democr\u00e1tica en M\u00e9xico, por medio de la promoci\u00f3n de los valores c\u00edvicos y democr\u00e1ticos en todos los sectores de la sociedad, educando y formando ciudadanos y ciudadanas que se involucren activamente en los asuntos p\u00fablicos que les ata\u00f1en, vali\u00e9ndose de las instituciones y las leyes.<\/p><\/div><\/div>\n        <\/section>\t\t\t\t<\/div>\n\t\t\t\t<\/div>\n\t\t\t\t\t<\/div>\n\t\t<\/div>\n\t\t\t\t\t<\/div>\n\t\t<\/section>\n\t\t\t\t<section class=\"elementor-section elementor-top-section elementor-element elementor-element-73e2d548 elementor-section-stretched elementor-section-boxed elementor-section-height-default elementor-section-height-default\" data-id=\"73e2d548\" data-element_type=\"section\" data-e-type=\"section\" data-settings=\"{&quot;background_background&quot;:&quot;classic&quot;,&quot;stretch_section&quot;:&quot;section-stretched&quot;}\">\n\t\t\t\t\t\t\t<div class=\"elementor-background-overlay\"><\/div>\n\t\t\t\t\t\t\t<div class=\"elementor-container elementor-column-gap-default\">\n\t\t\t\t\t<div class=\"aux-parallax-section elementor-column elementor-col-100 elementor-top-column elementor-element elementor-element-63189864\" data-id=\"63189864\" data-element_type=\"column\" data-e-type=\"column\">\n\t\t\t<div class=\"elementor-widget-wrap elementor-element-populated\">\n\t\t\t\t\t\t<div class=\"elementor-element elementor-element-49eefbef aux-appear-watch-animation aux-scale-down elementor-widget elementor-widget-aux_modern_heading\" data-id=\"49eefbef\" data-element_type=\"widget\" data-e-type=\"widget\" data-widget_type=\"aux_modern_heading.default\">\n\t\t\t\t<div class=\"elementor-widget-container\">\n\t\t\t\t\t<section class=\"aux-widget-modern-heading\">\n            <div class=\"aux-widget-inner\"><h2 class=\"aux-modern-heading-primary\">\u00bfTienes dudas o preguntas?<\/h2><div class=\"aux-modern-heading-description\"><p>Si tienes alguna pregunta o duda ponte en contacto con nosotros.<\/p><\/div><\/div>\n        <\/section>\t\t\t\t<\/div>\n\t\t\t\t<\/div>\n\t\t\t\t<div class=\"elementor-element elementor-element-5ef324c elementor-widget elementor-widget-aux_modern_button\" data-id=\"5ef324c\" data-element_type=\"widget\" data-e-type=\"widget\" data-widget_type=\"aux_modern_button.default\">\n\t\t\t\t<div class=\"elementor-widget-container\">\n\t\t\t\t\t    <div class=\"aux-modern-button-wrapper aux-modern-button-align-center\" >\n                    <a class=\"aux-modern-button aux-black aux-modern-button-xl aux-modern-button-normal aux-modern-button-default aux-icon-right\" href=\"#\">\n                <div class=\"aux-overlay\"><\/div>\n                                    <div class=\"aux-icon \">\n                        <i aria-hidden=\"true\" class=\"auxicon2 auxicon2-arrow-chevron-small-right\"><\/i>                    <\/div>\n                                <div class=\"aux-text\">\n<span class=\"aux-text-before\">CONTACTO<\/span>                <\/div>\n            <\/a>\n            \n    <\/div>\n\n    \t\t\t\t<\/div>\n\t\t\t\t<\/div>\n\t\t\t\t\t<\/div>\n\t\t<\/div>\n\t\t\t\t\t<\/div>\n\t\t<\/section>\n\t\t\t\t<\/div>\n\t\t","protected":false},"excerpt":{"rendered":"<p>Plataforma \u201cABC para la Gesti\u00f3n Municipal\u201d Presentaci\u00f3n El Instituto de Formaci\u00f3n C\u00edvica de NOSOTRXS pone a disposici\u00f3n de todas las autoridades municipales electas del pa\u00eds una herramienta de asesor\u00eda y apoyo a la gesti\u00f3n municipal: La Plataforma ABC para la Gesti\u00f3n Municipal. Objetivo Capacitar virtualmente a las autoridades y servidores p\u00fablicos municipales mediante un repositorio [&hellip;]<\/p>\n","protected":false},"author":1,"featured_media":0,"parent":0,"menu_order":0,"comment_status":"closed","ping_status":"closed","template":"templates\/page-builder-content.php","meta":{"footnotes":""},"class_list":["post-502","page","type-page","status-publish","hentry"],"_links":{"self":[{"href":"https:\/\/www.formacioncivica.mx\/index.php\/wp-json\/wp\/v2\/pages\/502","targetHints":{"allow":["GET"]}}],"collection":[{"href":"https:\/\/www.formacioncivica.mx\/index.php\/wp-json\/wp\/v2\/pages"}],"about":[{"href":"https:\/\/www.formacioncivica.mx\/index.php\/wp-json\/wp\/v2\/types\/page"}],"author":[{"embeddable":true,"href":"https:\/\/www.formacioncivica.mx\/index.php\/wp-json\/wp\/v2\/users\/1"}],"replies":[{"embeddable":true,"href":"https:\/\/www.formacioncivica.mx\/index.php\/wp-json\/wp\/v2\/comments?post=502"}],"version-history":[{"count":46,"href":"https:\/\/www.formacioncivica.mx\/index.php\/wp-json\/wp\/v2\/pages\/502\/revisions"}],"predecessor-version":[{"id":570,"href":"https:\/\/www.formacioncivica.mx\/index.php\/wp-json\/wp\/v2\/pages\/502\/revisions\/570"}],"wp:attachment":[{"href":"https:\/\/www.formacioncivica.mx\/index.php\/wp-json\/wp\/v2\/media?parent=502"}],"curies":[{"name":"wp","href":"https:\/\/api.w.org\/{rel}","templated":true}]}}